{"id":6931,"date":"2020-05-20T14:19:08","date_gmt":"2020-05-20T14:19:08","guid":{"rendered":"https:\/\/meblotex.com.pl\/?post_type=product&#038;p=6931"},"modified":"2021-11-29T07:05:47","modified_gmt":"2021-11-29T07:05:47","slug":"polka-werona-w-16-prawa","status":"publish","type":"product","link":"https:\/\/meblotex.com.pl\/en\/produkt\/polka-werona-w-16-prawa\/","title":{"rendered":"P\u00f3\u0142ka Werona W-16 Prawa"},"content":{"rendered":"<h4>P\u00f3\u0142ka Werona W-16 Prawa<\/h4>\n<p>P\u00f3\u0142ka Werona W-16 Prawa z kolekcji mebli systemowych produkowanych przez firm\u0119 Meblotex &#8211;\u00a0to wspania\u0142e dope\u0142nienie kolekcji Werona. Mo\u017cesz umie\u015bci\u0107 na niej nastrojowe lampki, ulubione zdj\u0119cia, czy te\u017c ro\u015bliny. Po\u0142\u0105czenie szk\u0142a oraz d\u0119bowej kolorystyki wygl\u0105da tutaj niezwykle gustownie. P\u00f3\u0142ka ta b\u0119dzie wspania\u0142ym rozwi\u0105zaniem zar\u00f3wno do salonu, jadalni, jak i sypialni. Dowoln\u0105 liczb\u0119 p\u00f3\u0142ek mo\u017cesz \u0142\u0105czy\u0107<span class=\"Apple-converted-space\">\u00a0 <\/span>w stonowane, symetryczne, ale tak\u017ce awangardowe kompozycje.<\/p>\n<p>W sk\u0142ad kolekcji Werona wchodz\u0105 p\u00f3\u0142ki, witryny, komody, \u0142awy, szafki RTV, \u0142awy i sto\u0142y. Salon i jadalnia w takiej aran\u017cacji b\u0119d\u0105 miejscem pe\u0142nym szyku i przyjemnej atmosfery. To wspania\u0142a propozycja nie tylko dla wielbicieli klasycznych wn\u0119trz.\u00a0Zawsze modna biel kontrastuje tutaj z korpusem w kolorze szlachetnego d\u0119bu. Takie po\u0142\u0105czenie z pewno\u015bci\u0105 spodoba si\u0119 tak\u017ce mi\u0142o\u015bnikom bardzo modnej obecnie estetyki skandynawskiej.<span class=\"Apple-converted-space\">\u00a0 <\/span>Warto doda\u0107, \u017ce zar\u00f3wno stylowe frezowania, jak i zdobione uchwyty s\u0105<span class=\"Apple-converted-space\">\u00a0 <\/span>elementem, kt\u00f3ry w gustowny spos\u00f3b wyr\u00f3\u017cnia kolekcj\u0119 Werona. Owe uchwyty w stylu glamour z pewno\u015bci\u0105 nadadz\u0105 wn\u0119trzu niebywa\u0142ej elegancji. Dodatkowo, kolekcj\u0119 witryn ozdabiaj\u0105 listwy, kt\u00f3re w ciekawy spos\u00f3b nawi\u0105zuj\u0105 do konwencji rustykalnej. Co wa\u017cne, wyposa\u017cenie mebli Werona obejmuje najwy\u017cszej jako\u015bci zawiasy i prowadnice, kt\u00f3re znacz\u0105co wp\u0142ywaj\u0105 na komfort ich u\u017cytkowania. Wa\u017cn\u0105 rol\u0119 gra tutaj r\u00f3wnie\u017c odpowiedni projekt, dzi\u0119ki kt\u00f3remu kolekcja charakteryzuje si\u0119 bardzo du\u017c\u0105 ilo\u015bci\u0105 miejsca do wygodnego przechowywania. Przeszklone p\u00f3\u0142ki z pod\u015bwietleniem pozwalaj\u0105 na ekspozycj\u0119 ulubionych bibelot\u00f3w, zastawy czy zdj\u0119\u0107, a delikatne \u015bwiat\u0142o tworzy wieczorem wyj\u0105tkowy nastr\u00f3j. Wysoka jako\u015b\u0107 materia\u0142\u00f3w i precyzyjne wykonanie gwarantuj\u0105 zadowolenie z kolekcji Werona przez d\u0142ugie lata.<\/p>\n<p>Fronty z p\u0142yty MDF pokryte foli\u0105 PCV. Korpus mebla oklejony laminatem.<\/p>\n<p><b>Informacje:<\/b><\/p>\n<p>Przedstawiony produkt jest w ca\u0142o\u015bci, oryginalnie zapakowany nie wymaga samodzielnego monta\u017cu.<\/p>\n<p>Je\u015bli szukasz dobrze wykonanych mebli do swojego mieszkania czy te\u017c domu to zapraszamy ci\u0119 do polubienia naszych Social Media \u2013 <a href=\"https:\/\/www.facebook.com\/Meblotex-Meble-i-Fronty-Meblowe-113033920385134\/\">link<\/a> . Nie czekaj odwied\u017a nas ju\u017c dzi\u015b!<\/p>\n<p>Zapraszamy Was r\u00f3wnie\u017c do lektury naszego bloga \u2013 <a href=\"https:\/\/meblotex.com.pl\/blog\/\">zobacz wi\u0119cej<\/a><\/p>\n","protected":false},"excerpt":{"rendered":"<p>W sk\u0142ad kolekcji Werona wchodz\u0105 p\u00f3\u0142ki, witryny, komody, \u0142awy, szafki RTV, \u0142awy i sto\u0142y. Salon i jadalnia w takiej aran\u017cacji b\u0119d\u0105 miejscem pe\u0142nym szyku i przyjemnej atmosfery. To wspania\u0142a propozycja nie tylko dla wielbicieli klasycznych wn\u0119trz.<span class=\"Apple-converted-space\">\u00a0<\/span><\/p>\n","protected":false},"featured_media":6932,"comment_status":"closed","ping_status":"closed","template":"","meta":[],"product_cat":[112],"product_tag":[38,154,142,44,173,140,170,152,153],"_links":{"self":[{"href":"https:\/\/meblotex.com.pl\/en\/wp-json\/wp\/v2\/product\/6931"}],"collection":[{"href":"https:\/\/meblotex.com.pl\/en\/wp-json\/wp\/v2\/product"}],"about":[{"href":"https:\/\/meblotex.com.pl\/en\/wp-json\/wp\/v2\/types\/product"}],"replies":[{"embeddable":true,"href":"https:\/\/meblotex.com.pl\/en\/wp-json\/wp\/v2\/comments?post=6931"}],"wp:featuredmedia":[{"embeddable":true,"href":"https:\/\/meblotex.com.pl\/en\/wp-json\/wp\/v2\/media\/6932"}],"wp:attachment":[{"href":"https:\/\/meblotex.com.pl\/en\/wp-json\/wp\/v2\/media?parent=6931"}],"wp:term":[{"taxonomy":"product_cat","embeddable":true,"href":"https:\/\/meblotex.com.pl\/en\/wp-json\/wp\/v2\/product_cat?post=6931"},{"taxonomy":"product_tag","embeddable":true,"href":"https:\/\/meblotex.com.pl\/en\/wp-json\/wp\/v2\/product_tag?post=6931"}],"curies":[{"name":"wp","href":"https:\/\/api.w.org\/{rel}","templated":true}]}}